{"id":228,"date":"2022-08-29T13:50:45","date_gmt":"2022-08-29T11:50:45","guid":{"rendered":"https:\/\/emiliebarcat.com\/blog\/?page_id=228"},"modified":"2024-05-01T14:35:50","modified_gmt":"2024-05-01T12:35:50","slug":"les-tutos-gratuits","status":"publish","type":"page","link":"https:\/\/emiliebarcat.com\/blog\/?page_id=228","title":{"rendered":"Les tutos gratuits"},"content":{"rendered":"\n<p class=\"wp-block-paragraph\"><\/p>\n\n\n\n<h2 class=\"wp-block-heading\"><strong>1er MAI<\/strong><\/h2>\n\n\n\n<figure class=\"wp-block-image size-full\"><img loading=\"lazy\" decoding=\"async\" width=\"424\" height=\"550\" src=\"https:\/\/emiliebarcat.com\/blog\/wp-content\/uploads\/2024\/05\/image-le-bonheur.jpg\" alt=\"\" class=\"wp-image-605\" srcset=\"https:\/\/emiliebarcat.com\/blog\/wp-content\/uploads\/2024\/05\/image-le-bonheur.jpg 424w, https:\/\/emiliebarcat.com\/blog\/wp-content\/uploads\/2024\/05\/image-le-bonheur-231x300.jpg 231w\" sizes=\"auto, (max-width: 424px) 100vw, 424px\" \/><\/figure>\n\n\n\n<div data-wp-interactive=\"core\/file\" class=\"wp-block-file\"><object data-wp-bind--hidden=\"!state.hasPdfPreview\" hidden class=\"wp-block-file__embed\" data=\"https:\/\/emiliebarcat.com\/blog\/wp-content\/uploads\/2024\/05\/grille-le-bonheur.pdf\" type=\"application\/pdf\" style=\"width:100%;height:600px\" aria-label=\"Contenu embarqu\u00e9 grille-le-bonheur.\"><\/object><a id=\"wp-block-file--media-cfc63554-fd6c-427a-8047-0acbff225e7d\" href=\"https:\/\/emiliebarcat.com\/blog\/wp-content\/uploads\/2024\/05\/grille-le-bonheur.pdf\">grille-le-bonheur<\/a><a href=\"https:\/\/emiliebarcat.com\/blog\/wp-content\/uploads\/2024\/05\/grille-le-bonheur.pdf\" class=\"wp-block-file__button wp-element-button\" download aria-describedby=\"wp-block-file--media-cfc63554-fd6c-427a-8047-0acbff225e7d\">T\u00e9l\u00e9charger<\/a><\/div>\n\n\n\n<p class=\"wp-block-paragraph\"><\/p>\n\n\n\n<p class=\"wp-block-paragraph\"><\/p>\n\n\n\n<div data-wp-interactive=\"core\/file\" class=\"wp-block-file\"><object data-wp-bind--hidden=\"!state.hasPdfPreview\" hidden class=\"wp-block-file__embed\" data=\"https:\/\/emiliebarcat.com\/blog\/wp-content\/uploads\/2024\/05\/detail-centregrille.pdf\" type=\"application\/pdf\" style=\"width:100%;height:600px\" aria-label=\"Contenu embarqu\u00e9 detail-centregrille.\"><\/object><a id=\"wp-block-file--media-b0a8d8f3-3cca-4e98-9e7e-e94eff141dbf\" href=\"https:\/\/emiliebarcat.com\/blog\/wp-content\/uploads\/2024\/05\/detail-centregrille.pdf\">detail-centregrille<\/a><a href=\"https:\/\/emiliebarcat.com\/blog\/wp-content\/uploads\/2024\/05\/detail-centregrille.pdf\" class=\"wp-block-file__button wp-element-button\" download aria-describedby=\"wp-block-file--media-b0a8d8f3-3cca-4e98-9e7e-e94eff141dbf\">T\u00e9l\u00e9charger<\/a><\/div>\n\n\n\n<h1 class=\"wp-block-heading\"><strong>Nativit\u00e9<\/strong><\/h1>\n\n\n\n<p class=\"wp-block-paragraph\"><\/p>\n\n\n\n<figure class=\"wp-block-image size-large is-resized\"><img loading=\"lazy\" decoding=\"async\" width=\"600\" height=\"510\" src=\"https:\/\/emiliebarcat.com\/blog\/wp-content\/uploads\/2023\/12\/Creche-600x510.png\" alt=\"\" class=\"wp-image-573\" style=\"width:674px;height:auto\" srcset=\"https:\/\/emiliebarcat.com\/blog\/wp-content\/uploads\/2023\/12\/Creche-600x510.png 600w, https:\/\/emiliebarcat.com\/blog\/wp-content\/uploads\/2023\/12\/Creche-300x255.png 300w, https:\/\/emiliebarcat.com\/blog\/wp-content\/uploads\/2023\/12\/Creche-768x652.png 768w, https:\/\/emiliebarcat.com\/blog\/wp-content\/uploads\/2023\/12\/Creche-1536x1305.png 1536w, https:\/\/emiliebarcat.com\/blog\/wp-content\/uploads\/2023\/12\/Creche.png 1628w\" sizes=\"auto, (max-width: 600px) 100vw, 600px\" \/><\/figure>\n\n\n\n<div data-wp-interactive=\"core\/file\" class=\"wp-block-file\"><object data-wp-bind--hidden=\"!state.hasPdfPreview\" hidden class=\"wp-block-file__embed\" data=\"https:\/\/emiliebarcat.com\/blog\/wp-content\/uploads\/2023\/12\/creche-grille-OK-2.pdf\" type=\"application\/pdf\" style=\"width:100%;height:600px\" aria-label=\"Contenu embarqu\u00e9 &lt;strong&gt;creche-grille-OK-2&lt;\/strong&gt;.\"><\/object><a id=\"wp-block-file--media-4e3b9c08-9813-4c11-a5cc-8f532e999a90\" href=\"https:\/\/emiliebarcat.com\/blog\/wp-content\/uploads\/2023\/12\/creche-grille-OK-2.pdf\"><strong>creche-grille-OK-2<\/strong><\/a><a href=\"https:\/\/emiliebarcat.com\/blog\/wp-content\/uploads\/2023\/12\/creche-grille-OK-2.pdf\" class=\"wp-block-file__button wp-element-button\" download aria-describedby=\"wp-block-file--media-4e3b9c08-9813-4c11-a5cc-8f532e999a90\">T\u00e9l\u00e9charger<\/a><\/div>\n\n\n\n<figure class=\"wp-block-image size-large\"><img loading=\"lazy\" decoding=\"async\" width=\"335\" height=\"600\" src=\"https:\/\/emiliebarcat.com\/blog\/wp-content\/uploads\/2023\/12\/legende-creche-335x600.png\" alt=\"\" class=\"wp-image-576\" srcset=\"https:\/\/emiliebarcat.com\/blog\/wp-content\/uploads\/2023\/12\/legende-creche-335x600.png 335w, https:\/\/emiliebarcat.com\/blog\/wp-content\/uploads\/2023\/12\/legende-creche-168x300.png 168w, https:\/\/emiliebarcat.com\/blog\/wp-content\/uploads\/2023\/12\/legende-creche-768x1374.png 768w, https:\/\/emiliebarcat.com\/blog\/wp-content\/uploads\/2023\/12\/legende-creche-859x1536.png 859w, https:\/\/emiliebarcat.com\/blog\/wp-content\/uploads\/2023\/12\/legende-creche.png 1062w\" sizes=\"auto, (max-width: 335px) 100vw, 335px\" \/><\/figure>\n\n\n\n<p class=\"wp-block-paragraph\"><\/p>\n\n\n\n<h1 class=\"wp-block-heading\"><strong>La maison des lutins de No\u00ebl<\/strong><\/h1>\n\n\n\n<p class=\"wp-block-paragraph\">J&rsquo;ai con\u00e7u cette maison \u00e0 partir d&rsquo;une simple bo\u00eete \u00e0 chaussures. Je lui ai voulu une apparence tr\u00e8s naturelle. Les parois int\u00e9rieures  sont rev\u00eatues de papier imitation lambris ancien et le sol reproduit l&rsquo;aspect d&rsquo;un parquet.  La maison est agr\u00e9ment\u00e9e d&rsquo;une jolie chemin\u00e9e de pierres dont le foyer est en relief. Les murs ext\u00e9rieurs sont d\u00e9cor\u00e9s de petits rondins de bois trouv\u00e9s en for\u00eat. Le lit est confectionn\u00e9 \u00e0 partir du couvercle de la bo\u00eete \u00e0 chaussures. Un sapin de No\u00ebl, tr\u00e8s nature lui aussi, d\u00e9core la maison. <br>Pour des instructions d\u00e9taill\u00e9es, veuillez consulter les fichiers PDF ci-dessous. J&rsquo;esp\u00e8re sinc\u00e8rement que cette modeste petite maison saura vous s\u00e9duire autant qu&rsquo;il m&rsquo;a enchant\u00e9 de la concevoir.<\/p>\n\n\n\n<figure class=\"wp-block-image size-full\"><img loading=\"lazy\" decoding=\"async\" width=\"514\" height=\"243\" src=\"https:\/\/emiliebarcat.com\/blog\/wp-content\/uploads\/2023\/11\/maison-nue-ok.jpg\" alt=\"\" class=\"wp-image-525\" srcset=\"https:\/\/emiliebarcat.com\/blog\/wp-content\/uploads\/2023\/11\/maison-nue-ok.jpg 514w, https:\/\/emiliebarcat.com\/blog\/wp-content\/uploads\/2023\/11\/maison-nue-ok-300x142.jpg 300w\" sizes=\"auto, (max-width: 514px) 100vw, 514px\" \/><\/figure>\n\n\n\n<figure class=\"wp-block-image size-full\"><img loading=\"lazy\" decoding=\"async\" width=\"378\" height=\"268\" src=\"https:\/\/emiliebarcat.com\/blog\/wp-content\/uploads\/2023\/11\/maison-OK-1.jpg\" alt=\"\" class=\"wp-image-530\" srcset=\"https:\/\/emiliebarcat.com\/blog\/wp-content\/uploads\/2023\/11\/maison-OK-1.jpg 378w, https:\/\/emiliebarcat.com\/blog\/wp-content\/uploads\/2023\/11\/maison-OK-1-300x213.jpg 300w\" sizes=\"auto, (max-width: 378px) 100vw, 378px\" \/><\/figure>\n\n\n\n<p class=\"wp-block-paragraph\"><\/p>\n\n\n\n<p class=\"wp-block-paragraph\">La maison des lutins est tir\u00e9e de notre publication : \u00ab\u00a0<strong>Album souvenir des b\u00eatises de votre lutin farceur<\/strong>\u00a0\u00bb que vous trouverez <a href=\"https:\/\/www.amazon.fr\/souvenir-farces-exploits-lutins-farceurs\/dp\/2494239079\/ref=sr_1_13?__mk_fr_FR=%C3%85M%C3%85%C5%BD%C3%95%C3%91&amp;crid=2PZXZA8JXL35V&amp;keywords=emilie+barcat&amp;qid=1700140046&amp;sprefix=emilie+barcat%2Caps%2C85&amp;sr=8-13\">ici<\/a><\/p>\n\n\n\n<p class=\"wp-block-paragraph\"><\/p>\n\n\n\n<div data-wp-interactive=\"core\/file\" class=\"wp-block-file\"><object data-wp-bind--hidden=\"!state.hasPdfPreview\" hidden class=\"wp-block-file__embed\" data=\"https:\/\/emiliebarcat.com\/blog\/wp-content\/uploads\/2023\/11\/maison-lutins-pages-1-et-2.pdf\" type=\"application\/pdf\" style=\"width:100%;height:600px\" aria-label=\"Contenu embarqu\u00e9 maison lutins pages 1 et 2.\"><\/object><a id=\"wp-block-file--media-c9ed8254-d9cd-484a-b248-97895478df6e\" href=\"https:\/\/emiliebarcat.com\/blog\/wp-content\/uploads\/2023\/11\/maison-lutins-pages-1-et-2.pdf\">maison lutins pages 1 et 2<\/a><a href=\"https:\/\/emiliebarcat.com\/blog\/wp-content\/uploads\/2023\/11\/maison-lutins-pages-1-et-2.pdf\" class=\"wp-block-file__button wp-element-button\" download aria-describedby=\"wp-block-file--media-c9ed8254-d9cd-484a-b248-97895478df6e\">T\u00e9l\u00e9charger<\/a><\/div>\n\n\n\n<div data-wp-interactive=\"core\/file\" class=\"wp-block-file\"><object data-wp-bind--hidden=\"!state.hasPdfPreview\" hidden class=\"wp-block-file__embed\" data=\"https:\/\/emiliebarcat.com\/blog\/wp-content\/uploads\/2023\/11\/maison-lutins-pages-3-4-et-5.pdf\" type=\"application\/pdf\" style=\"width:100%;height:600px\" aria-label=\"Contenu embarqu\u00e9 maison lutins pages 3, 4 et 5.\"><\/object><a id=\"wp-block-file--media-47b63eb5-b0f8-4aed-8406-a95570c36cd2\" href=\"https:\/\/emiliebarcat.com\/blog\/wp-content\/uploads\/2023\/11\/maison-lutins-pages-3-4-et-5.pdf\">maison lutins pages 3, 4 et 5<\/a><a href=\"https:\/\/emiliebarcat.com\/blog\/wp-content\/uploads\/2023\/11\/maison-lutins-pages-3-4-et-5.pdf\" class=\"wp-block-file__button wp-element-button\" download aria-describedby=\"wp-block-file--media-47b63eb5-b0f8-4aed-8406-a95570c36cd2\">T\u00e9l\u00e9charger<\/a><\/div>\n\n\n\n<div data-wp-interactive=\"core\/file\" class=\"wp-block-file\"><object data-wp-bind--hidden=\"!state.hasPdfPreview\" hidden class=\"wp-block-file__embed\" data=\"https:\/\/emiliebarcat.com\/blog\/wp-content\/uploads\/2023\/11\/maison-lutins-pages-6.pdf\" type=\"application\/pdf\" style=\"width:100%;height:600px\" aria-label=\"Contenu embarqu\u00e9 maison lutins pages 6.\"><\/object><a id=\"wp-block-file--media-2e147e33-8e7d-4a90-93aa-bf3d11c793df\" href=\"https:\/\/emiliebarcat.com\/blog\/wp-content\/uploads\/2023\/11\/maison-lutins-pages-6.pdf\">maison lutins pages 6<\/a><a href=\"https:\/\/emiliebarcat.com\/blog\/wp-content\/uploads\/2023\/11\/maison-lutins-pages-6.pdf\" class=\"wp-block-file__button wp-element-button\" download aria-describedby=\"wp-block-file--media-2e147e33-8e7d-4a90-93aa-bf3d11c793df\">T\u00e9l\u00e9charger<\/a><\/div>\n\n\n\n<div data-wp-interactive=\"core\/file\" class=\"wp-block-file\"><object data-wp-bind--hidden=\"!state.hasPdfPreview\" hidden class=\"wp-block-file__embed\" data=\"https:\/\/emiliebarcat.com\/blog\/wp-content\/uploads\/2023\/11\/maison-lutins-pages-7.pdf\" type=\"application\/pdf\" style=\"width:100%;height:600px\" aria-label=\"Contenu embarqu\u00e9 maison lutins pages 7.\"><\/object><a id=\"wp-block-file--media-bee3ee87-29da-4a64-98fe-abec3bf26b5f\" href=\"https:\/\/emiliebarcat.com\/blog\/wp-content\/uploads\/2023\/11\/maison-lutins-pages-7.pdf\">maison lutins pages 7<\/a><a href=\"https:\/\/emiliebarcat.com\/blog\/wp-content\/uploads\/2023\/11\/maison-lutins-pages-7.pdf\" class=\"wp-block-file__button wp-element-button\" download aria-describedby=\"wp-block-file--media-bee3ee87-29da-4a64-98fe-abec3bf26b5f\">T\u00e9l\u00e9charger<\/a><\/div>\n\n\n\t<div id=\"respond\" class=\"comment-respond wp-block-post-comments-form\">\n\t\t<h3 id=\"reply-title\" class=\"comment-reply-title\">Laisser un commentaire <small><a rel=\"nofollow\" id=\"cancel-comment-reply-link\" href=\"\/blog\/index.php?rest_route=%2Fwp%2Fv2%2Fpages%2F228#respond\" style=\"display:none;\">Annuler la r\u00e9ponse<\/a><\/small><\/h3><form action=\"https:\/\/emiliebarcat.com\/blog\/wp-comments-post.php\" method=\"post\" id=\"commentform\" class=\"comment-form\"><p class=\"comment-notes\"><span id=\"email-notes\">Votre adresse e-mail ne sera pas publi\u00e9e.<\/span> <span class=\"required-field-message\">Les champs obligatoires sont indiqu\u00e9s avec <span class=\"required\">*<\/span><\/span><\/p><p class=\"comment-form-comment\"><label for=\"comment\">Commentaire <span class=\"required\">*<\/span><\/label> <textarea id=\"comment\" name=\"comment\" cols=\"45\" rows=\"8\" maxlength=\"65525\" required><\/textarea><\/p><p class=\"comment-form-author\"><label for=\"author\">Nom <span class=\"required\">*<\/span><\/label> <input id=\"author\" name=\"author\" type=\"text\" value=\"\" size=\"30\" maxlength=\"245\" autocomplete=\"name\" required \/><\/p>\n<p class=\"comment-form-email\"><label for=\"email\">E-mail <span class=\"required\">*<\/span><\/label> <input id=\"email\" name=\"email\" type=\"email\" value=\"\" size=\"30\" maxlength=\"100\" aria-describedby=\"email-notes\" autocomplete=\"email\" required \/><\/p>\n<p class=\"comment-form-url\"><label for=\"url\">Site web<\/label> <input id=\"url\" name=\"url\" type=\"url\" value=\"\" size=\"30\" maxlength=\"200\" autocomplete=\"url\" \/><\/p>\n<p class=\"comment-form-cookies-consent\"><input id=\"wp-comment-cookies-consent\" name=\"wp-comment-cookies-consent\" type=\"checkbox\" value=\"yes\" \/> <label for=\"wp-comment-cookies-consent\">Enregistrer mon nom, mon e-mail et mon site dans le navigateur pour mon prochain commentaire.<\/label><\/p>\n<p class=\"form-submit\"><input name=\"submit\" type=\"submit\" id=\"submit\" class=\"submit\" value=\"Laisser un commentaire\" \/> <input type='hidden' name='comment_post_ID' value='228' id='comment_post_ID' \/>\n<input type='hidden' name='comment_parent' id='comment_parent' value='0' \/>\n<\/p><\/form>\t<\/div><!-- #respond -->\n\t\n\n\n<div class=\"wp-block-comments\"><h2 id=\"comments\" class=\"wp-block-comments-title\">2 responses to &#8220;Les tutos gratuits&#8221;<\/h2>\n\n<ol class=\"wp-block-comment-template\"><li id=\"comment-467\" class=\"comment even thread-even depth-1\">\n\n<div class=\"wp-block-columns is-layout-flex wp-container-core-columns-is-layout-8f761849 wp-block-columns-is-layout-flex\">\n<div class=\"wp-block-column is-layout-flow wp-block-column-is-layout-flow\" style=\"flex-basis:40px\"><div class=\"wp-block-avatar\"><img alt='Avatar de V\u00c9RONIQUE JANET' src='https:\/\/secure.gravatar.com\/avatar\/26294cfcbf803bc64867c14f7266fad01dd0d7928ed361f8eb70272e33d1bb9c?s=40&#038;d=mm&#038;r=g' srcset='https:\/\/secure.gravatar.com\/avatar\/26294cfcbf803bc64867c14f7266fad01dd0d7928ed361f8eb70272e33d1bb9c?s=80&#038;d=mm&#038;r=g 2x' class='avatar avatar-40 photo wp-block-avatar__image' height='40' width='40'  style=\"border-radius:20px;\"\/><\/div><\/div>\n\n\n\n<div class=\"wp-block-column is-layout-flow wp-block-column-is-layout-flow\"><div class=\"wp-block-comment-author-name has-small-font-size\">V\u00c9RONIQUE JANET<\/div>\n\n\n<div class=\"wp-block-group is-layout-flex wp-block-group-is-layout-flex\" style=\"margin-top:0px;margin-bottom:0px\"><div class=\"wp-block-comment-date has-small-font-size\"><time datetime=\"2025-11-03T15:44:52+01:00\"><a href=\"https:\/\/emiliebarcat.com\/blog\/?page_id=228#comment-467\">3 novembre 2025<\/a><\/time><\/div>\n\n<\/div>\n\n\n<div class=\"wp-block-comment-content\"><p>Bonjour,<\/p>\n<p>Je suppose que mon commentaire va vous sembler en d\u00e9calage avec ce qui est pr\u00e9sent\u00e9 dans cette rubrique, mais je ne sais pas comment vous le faire parvenir.<br \/>\nJe suis compl\u00e8tement s\u00e9duite par les mod\u00e8les de boutiques au point de croix que vous proposez. je pense avoir r\u00e9uni tous ceux qui existent \u00e0 ce jour dans le commerce et je voudrais savoir s&rsquo;il est possible de s&rsquo;en procurer d&rsquo;autres. par avance je vous remercie de votre r\u00e9ponse<\/p>\n<\/div>\n\n<div class=\"wp-block-comment-reply-link has-small-font-size\"><a rel=\"nofollow\" class=\"comment-reply-link\" href=\"#comment-467\" data-commentid=\"467\" data-postid=\"228\" data-belowelement=\"comment-467\" data-respondelement=\"respond\" data-replyto=\"R\u00e9pondre \u00e0 V\u00c9RONIQUE JANET\" aria-label=\"R\u00e9pondre \u00e0 V\u00c9RONIQUE JANET\">R\u00e9pondre<\/a><\/div><\/div>\n<\/div>\n\n<ol><li id=\"comment-490\" class=\"comment byuser comment-author-emilie bypostauthor odd alt depth-2\">\n\n<div class=\"wp-block-columns is-layout-flex wp-container-core-columns-is-layout-8f761849 wp-block-columns-is-layout-flex\">\n<div class=\"wp-block-column is-layout-flow wp-block-column-is-layout-flow\" style=\"flex-basis:40px\"><div class=\"wp-block-avatar\"><img alt='Avatar de Emilie Barcat' src='https:\/\/secure.gravatar.com\/avatar\/aeb777a5a5272405098ead6c4c625d095fb627394cdc1c9197c18fac5b90d0cf?s=40&#038;d=mm&#038;r=g' srcset='https:\/\/secure.gravatar.com\/avatar\/aeb777a5a5272405098ead6c4c625d095fb627394cdc1c9197c18fac5b90d0cf?s=80&#038;d=mm&#038;r=g 2x' class='avatar avatar-40 photo wp-block-avatar__image' height='40' width='40'  style=\"border-radius:20px;\"\/><\/div><\/div>\n\n\n\n<div class=\"wp-block-column is-layout-flow wp-block-column-is-layout-flow\"><div class=\"wp-block-comment-author-name has-small-font-size\"><a rel=\"external nofollow ugc\" href=\"https:\/\/aiguilles-passion.com\/zeblog\/\" target=\"_self\" >Emilie Barcat<\/a><\/div>\n\n\n<div class=\"wp-block-group is-layout-flex wp-block-group-is-layout-flex\" style=\"margin-top:0px;margin-bottom:0px\"><div class=\"wp-block-comment-date has-small-font-size\"><time datetime=\"2025-12-17T17:24:31+01:00\"><a href=\"https:\/\/emiliebarcat.com\/blog\/?page_id=228#comment-490\">17 d\u00e9cembre 2025<\/a><\/time><\/div>\n\n<\/div>\n\n\n<div class=\"wp-block-comment-content\"><p>Bonjour V\u00e9ronique,<br \/>\nD\u00e9sol\u00e9e d&rsquo;avoir mis tant de temps \u00e0 r\u00e9pondre.<br \/>\nTous les mod\u00e8les de boutiques sont sur Amazon. Vous les trouverez \u00e0 ma page auteur :<br \/>\n<a href=\"https:\/\/www.amazon.fr\/s?k=emilie+barcat&#038;crid=CMHXTIN94G2T&#038;sprefix=%2Caps%2C143&#038;ref=nb_sb_ss_recent_7_0_recent\" rel=\"nofollow ugc\">https:\/\/www.amazon.fr\/s?k=emilie+barcat&#038;crid=CMHXTIN94G2T&#038;sprefix=%2Caps%2C143&#038;ref=nb_sb_ss_recent_7_0_recent<\/a><br \/>\nil y a une boutique par r\u00e9gion.<br \/>\nJe suis ravie que ces mod\u00e8les vous plaisent. N&rsquo;h\u00e9sitez pas \u00e0 m&rsquo;envoyer des photos des mod\u00e8les r\u00e9alis\u00e9s.<br \/>\nMon compte insta : <a href=\"https:\/\/www.instagram.com\/emiliebarcat\/\" rel=\"nofollow ugc\">https:\/\/www.instagram.com\/emiliebarcat\/<\/a><br \/>\nBonnes f\u00eates \u00e0 vous,<br \/>\nEmilie<\/p>\n<\/div>\n\n<div class=\"wp-block-comment-reply-link has-small-font-size\"><a rel=\"nofollow\" class=\"comment-reply-link\" href=\"#comment-490\" data-commentid=\"490\" data-postid=\"228\" data-belowelement=\"comment-490\" data-respondelement=\"respond\" data-replyto=\"R\u00e9pondre \u00e0 Emilie Barcat\" aria-label=\"R\u00e9pondre \u00e0 Emilie Barcat\">R\u00e9pondre<\/a><\/div><\/div>\n<\/div>\n\n<\/li><\/ol><\/li><\/ol>\n\n\n\n\t<div id=\"respond\" class=\"comment-respond wp-block-post-comments-form\">\n\t\t<h3 id=\"reply-title\" class=\"comment-reply-title\">Laisser un commentaire <small><a rel=\"nofollow\" id=\"cancel-comment-reply-link\" href=\"\/blog\/index.php?rest_route=%2Fwp%2Fv2%2Fpages%2F228#respond\" style=\"display:none;\">Annuler la r\u00e9ponse<\/a><\/small><\/h3><form action=\"https:\/\/emiliebarcat.com\/blog\/wp-comments-post.php\" method=\"post\" id=\"commentform\" class=\"comment-form\"><p class=\"comment-notes\"><span id=\"email-notes\">Votre adresse e-mail ne sera pas publi\u00e9e.<\/span> <span class=\"required-field-message\">Les champs obligatoires sont indiqu\u00e9s avec <span class=\"required\">*<\/span><\/span><\/p><p class=\"comment-form-comment\"><label for=\"comment\">Commentaire <span class=\"required\">*<\/span><\/label> <textarea id=\"comment\" name=\"comment\" cols=\"45\" rows=\"8\" maxlength=\"65525\" required><\/textarea><\/p><p class=\"comment-form-author\"><label for=\"author\">Nom <span class=\"required\">*<\/span><\/label> <input id=\"author\" name=\"author\" type=\"text\" value=\"\" size=\"30\" maxlength=\"245\" autocomplete=\"name\" required \/><\/p>\n<p class=\"comment-form-email\"><label for=\"email\">E-mail <span class=\"required\">*<\/span><\/label> <input id=\"email\" name=\"email\" type=\"email\" value=\"\" size=\"30\" maxlength=\"100\" aria-describedby=\"email-notes\" autocomplete=\"email\" required \/><\/p>\n<p class=\"comment-form-url\"><label for=\"url\">Site web<\/label> <input id=\"url\" name=\"url\" type=\"url\" value=\"\" size=\"30\" maxlength=\"200\" autocomplete=\"url\" \/><\/p>\n<p class=\"comment-form-cookies-consent\"><input id=\"wp-comment-cookies-consent\" name=\"wp-comment-cookies-consent\" type=\"checkbox\" value=\"yes\" \/> <label for=\"wp-comment-cookies-consent\">Enregistrer mon nom, mon e-mail et mon site dans le navigateur pour mon prochain commentaire.<\/label><\/p>\n<p class=\"form-submit\"><input name=\"submit\" type=\"submit\" id=\"submit\" class=\"submit\" value=\"Laisser un commentaire\" \/> <input type='hidden' name='comment_post_ID' value='228' id='comment_post_ID' \/>\n<input type='hidden' name='comment_parent' id='comment_parent' value='0' \/>\n<\/p><\/form>\t<\/div><!-- #respond -->\n\t<\/div>\n\n\n\n<p class=\"wp-block-paragraph\"><\/p>\n\n\n\n<p class=\"wp-block-paragraph\"><\/p>\n\n\n\n<p class=\"wp-block-paragraph\">A l&rsquo;occasion du 1er mai, une jolie grille de circonstance !<\/p>\n\n\n\n<figure class=\"wp-block-image size-large\"><img loading=\"lazy\" decoding=\"async\" width=\"424\" height=\"600\" src=\"https:\/\/emiliebarcat.com\/blog\/wp-content\/uploads\/2023\/04\/grille-le-bonheur1-424x600.png\" alt=\"\" class=\"wp-image-507\" srcset=\"https:\/\/emiliebarcat.com\/blog\/wp-content\/uploads\/2023\/04\/grille-le-bonheur1-424x600.png 424w, https:\/\/emiliebarcat.com\/blog\/wp-content\/uploads\/2023\/04\/grille-le-bonheur1-212x300.png 212w, https:\/\/emiliebarcat.com\/blog\/wp-content\/uploads\/2023\/04\/grille-le-bonheur1-768x1087.png 768w, https:\/\/emiliebarcat.com\/blog\/wp-content\/uploads\/2023\/04\/grille-le-bonheur1-1085x1536.png 1085w, https:\/\/emiliebarcat.com\/blog\/wp-content\/uploads\/2023\/04\/grille-le-bonheur1-1447x2048.png 1447w\" sizes=\"auto, (max-width: 424px) 100vw, 424px\" \/><\/figure>\n\n\n\n<h2 class=\"wp-block-heading\">Le lapin de P\u00e2ques<\/h2>\n\n\n\n<p class=\"wp-block-paragraph\"><\/p>\n\n\n\n<figure class=\"wp-block-image size-large\"><img loading=\"lazy\" decoding=\"async\" width=\"600\" height=\"333\" src=\"https:\/\/emiliebarcat.com\/blog\/wp-content\/uploads\/2023\/03\/texte-lapin-600x333.jpg\" alt=\"\" class=\"wp-image-501\" srcset=\"https:\/\/emiliebarcat.com\/blog\/wp-content\/uploads\/2023\/03\/texte-lapin-600x333.jpg 600w, https:\/\/emiliebarcat.com\/blog\/wp-content\/uploads\/2023\/03\/texte-lapin-300x167.jpg 300w, https:\/\/emiliebarcat.com\/blog\/wp-content\/uploads\/2023\/03\/texte-lapin.jpg 625w\" sizes=\"auto, (max-width: 600px) 100vw, 600px\" \/><\/figure>\n\n\n\n<figure class=\"wp-block-image size-large\"><img loading=\"lazy\" decoding=\"async\" width=\"456\" height=\"600\" src=\"https:\/\/emiliebarcat.com\/blog\/wp-content\/uploads\/2023\/03\/lapin-de-paques-456x600.jpg\" alt=\"\" class=\"wp-image-496\" srcset=\"https:\/\/emiliebarcat.com\/blog\/wp-content\/uploads\/2023\/03\/lapin-de-paques-456x600.jpg 456w, https:\/\/emiliebarcat.com\/blog\/wp-content\/uploads\/2023\/03\/lapin-de-paques-228x300.jpg 228w, https:\/\/emiliebarcat.com\/blog\/wp-content\/uploads\/2023\/03\/lapin-de-paques.jpg 503w\" sizes=\"auto, (max-width: 456px) 100vw, 456px\" \/><\/figure>\n\n\n\n<div data-wp-interactive=\"core\/file\" class=\"wp-block-file\"><object data-wp-bind--hidden=\"!state.hasPdfPreview\" hidden class=\"wp-block-file__embed\" data=\"https:\/\/emiliebarcat.com\/blog\/wp-content\/uploads\/2023\/03\/Lapin-de-paques.pdf\" type=\"application\/pdf\" style=\"width:100%;height:600px\" aria-label=\"Contenu embarqu\u00e9 Lapin-de-paques.\"><\/object><a id=\"wp-block-file--media-970ed516-c19d-4ace-828f-99d581d8981f\" href=\"https:\/\/emiliebarcat.com\/blog\/wp-content\/uploads\/2023\/03\/Lapin-de-paques.pdf\">Lapin-de-paques<\/a><a href=\"https:\/\/emiliebarcat.com\/blog\/wp-content\/uploads\/2023\/03\/Lapin-de-paques.pdf\" class=\"wp-block-file__button wp-element-button\" download aria-describedby=\"wp-block-file--media-970ed516-c19d-4ace-828f-99d581d8981f\">T\u00e9l\u00e9charger<\/a><\/div>\n\n\n\n<p class=\"wp-block-paragraph\"><\/p>\n\n\n\n<p class=\"wp-block-paragraph\"><strong>Le lapin de P\u00e2ques est tir\u00e9 de notre publication : Je couds et brode pour mes enfants (en vente <a href=\"https:\/\/amzn.to\/3lHPNMH\" target=\"_blank\" rel=\"noreferrer noopener\">ICI<\/a>)<\/strong><\/p>\n\n\n\n<figure class=\"wp-block-image size-large\"><img loading=\"lazy\" decoding=\"async\" width=\"558\" height=\"600\" src=\"https:\/\/emiliebarcat.com\/blog\/wp-content\/uploads\/2023\/03\/grille-licorne-gratuite-image-558x600.jpg\" alt=\"\" class=\"wp-image-485\" srcset=\"https:\/\/emiliebarcat.com\/blog\/wp-content\/uploads\/2023\/03\/grille-licorne-gratuite-image-558x600.jpg 558w, https:\/\/emiliebarcat.com\/blog\/wp-content\/uploads\/2023\/03\/grille-licorne-gratuite-image-279x300.jpg 279w, https:\/\/emiliebarcat.com\/blog\/wp-content\/uploads\/2023\/03\/grille-licorne-gratuite-image.jpg 563w\" sizes=\"auto, (max-width: 558px) 100vw, 558px\" \/><\/figure>\n\n\n\n<p class=\"wp-block-paragraph\">La Licorne : grille tir\u00e9e de l&rsquo;ABC du Moyen-Age que vous trouverez <a href=\"https:\/\/emiliebarcat.com\/blog\/?p=445\">ICI<\/a><\/p>\n\n\n\n<h2 class=\"wp-block-heading\">Grille gratuite des trois rois mages<\/h2>\n\n\n\n<figure class=\"wp-block-image size-large\"><a href=\"https:\/\/emiliebarcat.com\/blog\/wp-content\/uploads\/2022\/12\/image-les-trois-rois-mages.jpg\"><img loading=\"lazy\" decoding=\"async\" width=\"600\" height=\"304\" src=\"https:\/\/emiliebarcat.com\/blog\/wp-content\/uploads\/2022\/12\/image-les-trois-rois-mages-600x304.jpg\" alt=\"\" class=\"wp-image-300\" srcset=\"https:\/\/emiliebarcat.com\/blog\/wp-content\/uploads\/2022\/12\/image-les-trois-rois-mages-600x304.jpg 600w, https:\/\/emiliebarcat.com\/blog\/wp-content\/uploads\/2022\/12\/image-les-trois-rois-mages-300x152.jpg 300w, https:\/\/emiliebarcat.com\/blog\/wp-content\/uploads\/2022\/12\/image-les-trois-rois-mages-768x389.jpg 768w, https:\/\/emiliebarcat.com\/blog\/wp-content\/uploads\/2022\/12\/image-les-trois-rois-mages.jpg 1358w\" sizes=\"auto, (max-width: 600px) 100vw, 600px\" \/><\/a><figcaption class=\"wp-element-caption\">Les trois rois mages<\/figcaption><\/figure>\n\n\n\n<figure class=\"wp-block-image size-large\"><a href=\"https:\/\/emiliebarcat.com\/blog\/wp-content\/uploads\/2022\/12\/grille-roi-3.jpg\"><img loading=\"lazy\" decoding=\"async\" width=\"379\" height=\"600\" src=\"https:\/\/emiliebarcat.com\/blog\/wp-content\/uploads\/2022\/12\/grille-roi-3-379x600.jpg\" alt=\"\" class=\"wp-image-304\" srcset=\"https:\/\/emiliebarcat.com\/blog\/wp-content\/uploads\/2022\/12\/grille-roi-3-379x600.jpg 379w, https:\/\/emiliebarcat.com\/blog\/wp-content\/uploads\/2022\/12\/grille-roi-3-189x300.jpg 189w, https:\/\/emiliebarcat.com\/blog\/wp-content\/uploads\/2022\/12\/grille-roi-3.jpg 515w\" sizes=\"auto, (max-width: 379px) 100vw, 379px\" \/><\/a><\/figure>\n\n\n\n<figure class=\"wp-block-image size-large\"><a href=\"https:\/\/emiliebarcat.com\/blog\/wp-content\/uploads\/2022\/12\/grille-roi-2.jpg\"><img loading=\"lazy\" decoding=\"async\" width=\"388\" height=\"600\" src=\"https:\/\/emiliebarcat.com\/blog\/wp-content\/uploads\/2022\/12\/grille-roi-2-388x600.jpg\" alt=\"\" class=\"wp-image-303\" srcset=\"https:\/\/emiliebarcat.com\/blog\/wp-content\/uploads\/2022\/12\/grille-roi-2-388x600.jpg 388w, https:\/\/emiliebarcat.com\/blog\/wp-content\/uploads\/2022\/12\/grille-roi-2-194x300.jpg 194w, https:\/\/emiliebarcat.com\/blog\/wp-content\/uploads\/2022\/12\/grille-roi-2.jpg 528w\" sizes=\"auto, (max-width: 388px) 100vw, 388px\" \/><\/a><\/figure>\n\n\n\n<figure class=\"wp-block-image size-large\"><a href=\"https:\/\/emiliebarcat.com\/blog\/wp-content\/uploads\/2022\/12\/grille-roi-1.jpg\"><img loading=\"lazy\" decoding=\"async\" width=\"391\" height=\"600\" src=\"https:\/\/emiliebarcat.com\/blog\/wp-content\/uploads\/2022\/12\/grille-roi-1-391x600.jpg\" alt=\"\" class=\"wp-image-301\" srcset=\"https:\/\/emiliebarcat.com\/blog\/wp-content\/uploads\/2022\/12\/grille-roi-1-391x600.jpg 391w, https:\/\/emiliebarcat.com\/blog\/wp-content\/uploads\/2022\/12\/grille-roi-1-196x300.jpg 196w, https:\/\/emiliebarcat.com\/blog\/wp-content\/uploads\/2022\/12\/grille-roi-1.jpg 532w\" sizes=\"auto, (max-width: 391px) 100vw, 391px\" \/><\/a><\/figure>\n\n\n\n<figure class=\"wp-block-image size-large\"><a href=\"https:\/\/emiliebarcat.com\/blog\/wp-content\/uploads\/2022\/12\/legende-des-rois-mages.jpg\"><img loading=\"lazy\" decoding=\"async\" width=\"318\" height=\"600\" src=\"https:\/\/emiliebarcat.com\/blog\/wp-content\/uploads\/2022\/12\/legende-des-rois-mages-318x600.jpg\" alt=\"\" class=\"wp-image-308\" srcset=\"https:\/\/emiliebarcat.com\/blog\/wp-content\/uploads\/2022\/12\/legende-des-rois-mages-318x600.jpg 318w, https:\/\/emiliebarcat.com\/blog\/wp-content\/uploads\/2022\/12\/legende-des-rois-mages-159x300.jpg 159w, https:\/\/emiliebarcat.com\/blog\/wp-content\/uploads\/2022\/12\/legende-des-rois-mages.jpg 456w\" sizes=\"auto, (max-width: 318px) 100vw, 318px\" \/><\/a><\/figure>\n\n\n\n<h2 class=\"wp-block-heading\"><strong>Le calendrier de l&rsquo;avent<\/strong><\/h2>\n\n\n\n<figure class=\"wp-block-image size-large\"><img loading=\"lazy\" decoding=\"async\" width=\"600\" height=\"507\" src=\"https:\/\/emiliebarcat.com\/blog\/wp-content\/uploads\/2022\/12\/image-calendrier-avent-pour-blog-600x507.png\" alt=\"\" class=\"wp-image-282\" srcset=\"https:\/\/emiliebarcat.com\/blog\/wp-content\/uploads\/2022\/12\/image-calendrier-avent-pour-blog-600x507.png 600w, https:\/\/emiliebarcat.com\/blog\/wp-content\/uploads\/2022\/12\/image-calendrier-avent-pour-blog-300x254.png 300w, https:\/\/emiliebarcat.com\/blog\/wp-content\/uploads\/2022\/12\/image-calendrier-avent-pour-blog.png 615w\" sizes=\"auto, (max-width: 600px) 100vw, 600px\" \/><\/figure>\n\n\n\n<p class=\"wp-block-paragraph\">Vous trouverez les motifs de ce calendrier de l&rsquo;avent sur notre page instagram :<br><a href=\"https:\/\/www.instagram.com\/emiliebarcat\/\">Emilie Barcat (@emiliebarcat) \u2022 Photos et vid\u00e9os Instagram<\/a><\/p>\n\n\n\n<p class=\"wp-block-paragraph\">Ci-dessous, vous pouvez t\u00e9l\u00e9charger la grille du calendrier \u00e0 remplir, ainsi que la l\u00e9gende des fils employ\u00e9s.<\/p>\n\n\n\n<p class=\"wp-block-paragraph\"><\/p>\n\n\n\n<figure class=\"wp-block-gallery has-nested-images columns-default is-cropped wp-block-gallery-1 is-layout-flex wp-block-gallery-is-layout-flex\">\n<figure class=\"wp-block-image size-full\"><a href=\"https:\/\/emiliebarcat.com\/blog\/?attachment_id=281\"><img loading=\"lazy\" decoding=\"async\" width=\"865\" height=\"1249\" data-id=\"281\" src=\"https:\/\/emiliebarcat.com\/blog\/wp-content\/uploads\/2022\/12\/grille-vide.png\" alt=\"\" class=\"wp-image-281\" srcset=\"https:\/\/emiliebarcat.com\/blog\/wp-content\/uploads\/2022\/12\/grille-vide.png 865w, https:\/\/emiliebarcat.com\/blog\/wp-content\/uploads\/2022\/12\/grille-vide-208x300.png 208w, https:\/\/emiliebarcat.com\/blog\/wp-content\/uploads\/2022\/12\/grille-vide-416x600.png 416w, https:\/\/emiliebarcat.com\/blog\/wp-content\/uploads\/2022\/12\/grille-vide-768x1109.png 768w\" sizes=\"auto, (max-width: 767px) 89vw, (max-width: 1000px) 54vw, (max-width: 1071px) 543px, 580px\" \/><\/a><\/figure>\n\n\n\n<figure class=\"wp-block-image size-full\"><a href=\"https:\/\/emiliebarcat.com\/blog\/?attachment_id=291\"><img loading=\"lazy\" decoding=\"async\" width=\"1225\" height=\"2348\" data-id=\"291\" src=\"https:\/\/emiliebarcat.com\/blog\/wp-content\/uploads\/2022\/12\/legende-calendrier-2.png\" alt=\"l\u00e9gende calendrier de l'avent\" class=\"wp-image-291\" srcset=\"https:\/\/emiliebarcat.com\/blog\/wp-content\/uploads\/2022\/12\/legende-calendrier-2.png 1225w, https:\/\/emiliebarcat.com\/blog\/wp-content\/uploads\/2022\/12\/legende-calendrier-2-157x300.png 157w, https:\/\/emiliebarcat.com\/blog\/wp-content\/uploads\/2022\/12\/legende-calendrier-2-313x600.png 313w, https:\/\/emiliebarcat.com\/blog\/wp-content\/uploads\/2022\/12\/legende-calendrier-2-768x1472.png 768w, https:\/\/emiliebarcat.com\/blog\/wp-content\/uploads\/2022\/12\/legende-calendrier-2-801x1536.png 801w, https:\/\/emiliebarcat.com\/blog\/wp-content\/uploads\/2022\/12\/legende-calendrier-2-1068x2048.png 1068w\" sizes=\"auto, (max-width: 767px) 89vw, (max-width: 1000px) 54vw, (max-width: 1071px) 543px, 580px\" \/><\/a><figcaption class=\"wp-element-caption\">l\u00e9gende calendrier de l&rsquo;avent<\/figcaption><\/figure>\n<\/figure>\n\n\n\n<p class=\"wp-block-paragraph\"><\/p>\n\n\n\n<h1 class=\"wp-block-heading\">Le sac \u00e0 langer et son tapis \u00e0 langer<\/h1>\n\n\n\n<figure class=\"wp-block-gallery has-nested-images columns-default is-cropped wp-block-gallery-2 is-layout-flex wp-block-gallery-is-layout-flex\">\n<figure class=\"wp-block-image size-large\"><img loading=\"lazy\" decoding=\"async\" width=\"738\" height=\"807\" data-id=\"252\" src=\"https:\/\/emiliebarcat.com\/blog\/wp-content\/uploads\/2022\/10\/sac-a-langer-1.jpg\" alt=\"\" class=\"wp-image-252\" srcset=\"https:\/\/emiliebarcat.com\/blog\/wp-content\/uploads\/2022\/10\/sac-a-langer-1.jpg 738w, https:\/\/emiliebarcat.com\/blog\/wp-content\/uploads\/2022\/10\/sac-a-langer-1-274x300.jpg 274w, https:\/\/emiliebarcat.com\/blog\/wp-content\/uploads\/2022\/10\/sac-a-langer-1-549x600.jpg 549w\" sizes=\"auto, (max-width: 738px) 100vw, 738px\" \/><\/figure>\n<\/figure>\n\n\n\n<figure class=\"wp-block-image size-full is-style-default\"><img loading=\"lazy\" decoding=\"async\" width=\"761\" height=\"872\" src=\"https:\/\/emiliebarcat.com\/blog\/wp-content\/uploads\/2022\/10\/sac-a-langer-2.jpg\" alt=\"\" class=\"wp-image-251\" srcset=\"https:\/\/emiliebarcat.com\/blog\/wp-content\/uploads\/2022\/10\/sac-a-langer-2.jpg 761w, https:\/\/emiliebarcat.com\/blog\/wp-content\/uploads\/2022\/10\/sac-a-langer-2-262x300.jpg 262w, https:\/\/emiliebarcat.com\/blog\/wp-content\/uploads\/2022\/10\/sac-a-langer-2-524x600.jpg 524w\" sizes=\"auto, (max-width: 706px) 89vw, (max-width: 767px) 82vw, 740px\" \/><figcaption class=\"wp-element-caption\"><strong>Tuto gratuit : Le sac  \u00e0 langer<\/strong><\/figcaption><\/figure>\n\n\n\n<figure class=\"wp-block-image size-full\"><img loading=\"lazy\" decoding=\"async\" width=\"580\" height=\"792\" src=\"https:\/\/emiliebarcat.com\/blog\/wp-content\/uploads\/2022\/10\/sac-a-langer-3.jpg\" alt=\"\" class=\"wp-image-250\" srcset=\"https:\/\/emiliebarcat.com\/blog\/wp-content\/uploads\/2022\/10\/sac-a-langer-3.jpg 580w, https:\/\/emiliebarcat.com\/blog\/wp-content\/uploads\/2022\/10\/sac-a-langer-3-220x300.jpg 220w, https:\/\/emiliebarcat.com\/blog\/wp-content\/uploads\/2022\/10\/sac-a-langer-3-439x600.jpg 439w\" sizes=\"auto, (max-width: 580px) 100vw, 580px\" \/><\/figure>\n\n\n\n<figure class=\"wp-block-image size-full\"><img loading=\"lazy\" decoding=\"async\" width=\"588\" height=\"748\" src=\"https:\/\/emiliebarcat.com\/blog\/wp-content\/uploads\/2022\/10\/sac-a-langer-4.jpg\" alt=\"\" class=\"wp-image-249\" srcset=\"https:\/\/emiliebarcat.com\/blog\/wp-content\/uploads\/2022\/10\/sac-a-langer-4.jpg 588w, https:\/\/emiliebarcat.com\/blog\/wp-content\/uploads\/2022\/10\/sac-a-langer-4-236x300.jpg 236w, https:\/\/emiliebarcat.com\/blog\/wp-content\/uploads\/2022\/10\/sac-a-langer-4-472x600.jpg 472w\" sizes=\"auto, (max-width: 588px) 100vw, 588px\" \/><\/figure>\n\n\n\n<figure class=\"wp-block-image size-full is-resized\"><img loading=\"lazy\" decoding=\"async\" width=\"570\" height=\"788\" src=\"https:\/\/emiliebarcat.com\/blog\/wp-content\/uploads\/2022\/10\/sac-a-langer-5.jpg\" alt=\"\" class=\"wp-image-248\" style=\"width:570px;height:788px\" srcset=\"https:\/\/emiliebarcat.com\/blog\/wp-content\/uploads\/2022\/10\/sac-a-langer-5.jpg 570w, https:\/\/emiliebarcat.com\/blog\/wp-content\/uploads\/2022\/10\/sac-a-langer-5-217x300.jpg 217w, https:\/\/emiliebarcat.com\/blog\/wp-content\/uploads\/2022\/10\/sac-a-langer-5-434x600.jpg 434w\" sizes=\"auto, (max-width: 570px) 100vw, 570px\" \/><\/figure>\n\n\n\n<figure class=\"wp-block-image size-full\"><img loading=\"lazy\" decoding=\"async\" width=\"538\" height=\"783\" src=\"https:\/\/emiliebarcat.com\/blog\/wp-content\/uploads\/2022\/10\/sac-a-langer-6.jpg\" alt=\"\" class=\"wp-image-247\" srcset=\"https:\/\/emiliebarcat.com\/blog\/wp-content\/uploads\/2022\/10\/sac-a-langer-6.jpg 538w, https:\/\/emiliebarcat.com\/blog\/wp-content\/uploads\/2022\/10\/sac-a-langer-6-206x300.jpg 206w, https:\/\/emiliebarcat.com\/blog\/wp-content\/uploads\/2022\/10\/sac-a-langer-6-412x600.jpg 412w\" sizes=\"auto, (max-width: 538px) 100vw, 538px\" \/><\/figure>\n\n\n\n<figure class=\"wp-block-image size-full\"><img loading=\"lazy\" decoding=\"async\" width=\"547\" height=\"697\" src=\"https:\/\/emiliebarcat.com\/blog\/wp-content\/uploads\/2022\/10\/matelas-a-langer.jpg\" alt=\"\" class=\"wp-image-245\" srcset=\"https:\/\/emiliebarcat.com\/blog\/wp-content\/uploads\/2022\/10\/matelas-a-langer.jpg 547w, https:\/\/emiliebarcat.com\/blog\/wp-content\/uploads\/2022\/10\/matelas-a-langer-235x300.jpg 235w, https:\/\/emiliebarcat.com\/blog\/wp-content\/uploads\/2022\/10\/matelas-a-langer-471x600.jpg 471w\" sizes=\"auto, (max-width: 547px) 100vw, 547px\" \/><\/figure>\n\n\n\n<figure class=\"wp-block-image size-full\"><img loading=\"lazy\" decoding=\"async\" width=\"545\" height=\"762\" src=\"https:\/\/emiliebarcat.com\/blog\/wp-content\/uploads\/2022\/10\/confection-etui-a-bouteilles.jpg\" alt=\"\" class=\"wp-image-246\" srcset=\"https:\/\/emiliebarcat.com\/blog\/wp-content\/uploads\/2022\/10\/confection-etui-a-bouteilles.jpg 545w, https:\/\/emiliebarcat.com\/blog\/wp-content\/uploads\/2022\/10\/confection-etui-a-bouteilles-215x300.jpg 215w, https:\/\/emiliebarcat.com\/blog\/wp-content\/uploads\/2022\/10\/confection-etui-a-bouteilles-429x600.jpg 429w\" sizes=\"auto, (max-width: 545px) 100vw, 545px\" \/><\/figure>\n\n\n\n<figure class=\"wp-block-image size-full\"><img loading=\"lazy\" decoding=\"async\" width=\"507\" height=\"680\" src=\"https:\/\/emiliebarcat.com\/blog\/wp-content\/uploads\/2022\/10\/confection-etui-a-bouteilles-page-2.jpg\" alt=\"\" class=\"wp-image-244\" srcset=\"https:\/\/emiliebarcat.com\/blog\/wp-content\/uploads\/2022\/10\/confection-etui-a-bouteilles-page-2.jpg 507w, https:\/\/emiliebarcat.com\/blog\/wp-content\/uploads\/2022\/10\/confection-etui-a-bouteilles-page-2-224x300.jpg 224w, https:\/\/emiliebarcat.com\/blog\/wp-content\/uploads\/2022\/10\/confection-etui-a-bouteilles-page-2-447x600.jpg 447w\" sizes=\"auto, (max-width: 507px) 100vw, 507px\" \/><\/figure>\n\n\n\n<h1 class=\"wp-block-heading\">La Double Trousse <\/h1>\n\n\n\n<figure class=\"wp-block-image size-full\"><img loading=\"lazy\" decoding=\"async\" width=\"630\" height=\"878\" src=\"https:\/\/emiliebarcat.com\/blog\/wp-content\/uploads\/2022\/08\/Page-1-double-trousse.jpg\" alt=\"\" class=\"wp-image-229\" srcset=\"https:\/\/emiliebarcat.com\/blog\/wp-content\/uploads\/2022\/08\/Page-1-double-trousse.jpg 630w, https:\/\/emiliebarcat.com\/blog\/wp-content\/uploads\/2022\/08\/Page-1-double-trousse-215x300.jpg 215w, https:\/\/emiliebarcat.com\/blog\/wp-content\/uploads\/2022\/08\/Page-1-double-trousse-431x600.jpg 431w\" sizes=\"auto, (max-width: 630px) 100vw, 630px\" \/><figcaption class=\"wp-element-caption\">Tuto gratuit : La double trousse avec un compartiment pour les stylos et un compartiments pour les feutres. L&rsquo;int\u00e9rieur est pr\u00e9vu pour ranger r\u00e8gle, rapporteur, ciseaux&#8230;<\/figcaption><\/figure>\n\n\n\n<figure class=\"wp-block-gallery has-nested-images columns-default is-cropped wp-block-gallery-3 is-layout-flex wp-block-gallery-is-layout-flex\">\n<figure class=\"wp-block-image size-full\"><img loading=\"lazy\" decoding=\"async\" width=\"758\" height=\"852\" data-id=\"230\" src=\"https:\/\/emiliebarcat.com\/blog\/wp-content\/uploads\/2022\/08\/Page-2-double-trousse.jpg\" alt=\"\" class=\"wp-image-230\" srcset=\"https:\/\/emiliebarcat.com\/blog\/wp-content\/uploads\/2022\/08\/Page-2-double-trousse.jpg 758w, https:\/\/emiliebarcat.com\/blog\/wp-content\/uploads\/2022\/08\/Page-2-double-trousse-267x300.jpg 267w, https:\/\/emiliebarcat.com\/blog\/wp-content\/uploads\/2022\/08\/Page-2-double-trousse-534x600.jpg 534w\" sizes=\"auto, (max-width: 706px) 89vw, (max-width: 767px) 82vw, 740px\" \/><\/figure>\n<\/figure>\n\n\n\n<figure class=\"wp-block-image size-full\"><img loading=\"lazy\" decoding=\"async\" width=\"611\" height=\"867\" src=\"https:\/\/emiliebarcat.com\/blog\/wp-content\/uploads\/2022\/08\/Page-3-double-trousse-1.jpg\" alt=\"\" class=\"wp-image-236\" srcset=\"https:\/\/emiliebarcat.com\/blog\/wp-content\/uploads\/2022\/08\/Page-3-double-trousse-1.jpg 611w, https:\/\/emiliebarcat.com\/blog\/wp-content\/uploads\/2022\/08\/Page-3-double-trousse-1-211x300.jpg 211w, https:\/\/emiliebarcat.com\/blog\/wp-content\/uploads\/2022\/08\/Page-3-double-trousse-1-423x600.jpg 423w\" sizes=\"auto, (max-width: 611px) 100vw, 611px\" \/><\/figure>\n\n\n\n<figure class=\"wp-block-image size-full\"><img loading=\"lazy\" decoding=\"async\" width=\"598\" height=\"798\" src=\"https:\/\/emiliebarcat.com\/blog\/wp-content\/uploads\/2022\/08\/Page-4-double-trousse-1.jpg\" alt=\"\" class=\"wp-image-238\" srcset=\"https:\/\/emiliebarcat.com\/blog\/wp-content\/uploads\/2022\/08\/Page-4-double-trousse-1.jpg 598w, https:\/\/emiliebarcat.com\/blog\/wp-content\/uploads\/2022\/08\/Page-4-double-trousse-1-225x300.jpg 225w, https:\/\/emiliebarcat.com\/blog\/wp-content\/uploads\/2022\/08\/Page-4-double-trousse-1-450x600.jpg 450w\" sizes=\"auto, (max-width: 598px) 100vw, 598px\" \/><\/figure>\n\n\n\n<h2 class=\"wp-block-heading\"><\/h2>\n","protected":false},"excerpt":{"rendered":"<p>1er MAI Nativit\u00e9 La maison des lutins de No\u00ebl J&rsquo;ai con\u00e7u cette maison \u00e0 partir d&rsquo;une simple bo\u00eete \u00e0 chaussures. Je lui ai voulu une apparence tr\u00e8s naturelle. Les parois int\u00e9rieures sont rev\u00eatues de papier imitation lambris ancien et le sol reproduit l&rsquo;aspect d&rsquo;un parquet. La maison est agr\u00e9ment\u00e9e d&rsquo;une jolie chemin\u00e9e de pierres dont &hellip; <\/p>\n<p class=\"link-more\"><a href=\"https:\/\/emiliebarcat.com\/blog\/?page_id=228\" class=\"more-link\">Continuer la lecture<span class=\"screen-reader-text\"> de &laquo;&nbsp;Les tutos gratuits&nbsp;&raquo;<\/span><\/a><\/p>\n","protected":false},"author":2,"featured_media":0,"parent":0,"menu_order":0,"comment_status":"open","ping_status":"closed","template":"","meta":{"_crdt_document":"","footnotes":""},"class_list":["post-228","page","type-page","status-publish","hentry"],"yoast_head":"<!-- This site is optimized with the Yoast SEO plugin v27.4 - https:\/\/yoast.com\/product\/yoast-seo-wordpress\/ -->\n<title>Les tutos gratuits - Emilie Barcat - Publications pour loisirs Cr\u00e9atifs<\/title>\n<meta name=\"robots\" content=\"index, follow, max-snippet:-1, max-image-preview:large, max-video-preview:-1\" \/>\n<link rel=\"canonical\" href=\"https:\/\/emiliebarcat.com\/blog\/?page_id=228\" \/>\n<meta property=\"og:locale\" content=\"fr_FR\" \/>\n<meta property=\"og:type\" content=\"article\" \/>\n<meta property=\"og:title\" content=\"Les tutos gratuits - Emilie Barcat - Publications pour loisirs Cr\u00e9atifs\" \/>\n<meta property=\"og:description\" content=\"1er MAI Nativit\u00e9 La maison des lutins de No\u00ebl J&rsquo;ai con\u00e7u cette maison \u00e0 partir d&rsquo;une simple bo\u00eete \u00e0 chaussures. Je lui ai voulu une apparence tr\u00e8s naturelle. Les parois int\u00e9rieures sont rev\u00eatues de papier imitation lambris ancien et le sol reproduit l&rsquo;aspect d&rsquo;un parquet. La maison est agr\u00e9ment\u00e9e d&rsquo;une jolie chemin\u00e9e de pierres dont &hellip; Continuer la lecture de &laquo;&nbsp;Les tutos gratuits&nbsp;&raquo;\" \/>\n<meta property=\"og:url\" content=\"https:\/\/emiliebarcat.com\/blog\/?page_id=228\" \/>\n<meta property=\"og:site_name\" content=\"Emilie Barcat - Publications pour loisirs Cr\u00e9atifs\" \/>\n<meta property=\"article:modified_time\" content=\"2024-05-01T12:35:50+00:00\" \/>\n<meta property=\"og:image\" content=\"https:\/\/emiliebarcat.com\/blog\/wp-content\/uploads\/2024\/05\/image-le-bonheur.jpg\" \/>\n<meta name=\"twitter:card\" content=\"summary_large_image\" \/>\n<meta name=\"twitter:label1\" content=\"Dur\u00e9e de lecture estim\u00e9e\" \/>\n\t<meta name=\"twitter:data1\" content=\"8 minutes\" \/>\n<script type=\"application\/ld+json\" class=\"yoast-schema-graph\">{\"@context\":\"https:\\\/\\\/schema.org\",\"@graph\":[{\"@type\":\"WebPage\",\"@id\":\"https:\\\/\\\/emiliebarcat.com\\\/blog\\\/?page_id=228\",\"url\":\"https:\\\/\\\/emiliebarcat.com\\\/blog\\\/?page_id=228\",\"name\":\"Les tutos gratuits - Emilie Barcat - Publications pour loisirs Cr\u00e9atifs\",\"isPartOf\":{\"@id\":\"https:\\\/\\\/emiliebarcat.com\\\/blog\\\/#website\"},\"primaryImageOfPage\":{\"@id\":\"https:\\\/\\\/emiliebarcat.com\\\/blog\\\/?page_id=228#primaryimage\"},\"image\":{\"@id\":\"https:\\\/\\\/emiliebarcat.com\\\/blog\\\/?page_id=228#primaryimage\"},\"thumbnailUrl\":\"https:\\\/\\\/emiliebarcat.com\\\/blog\\\/wp-content\\\/uploads\\\/2024\\\/05\\\/image-le-bonheur.jpg\",\"datePublished\":\"2022-08-29T11:50:45+00:00\",\"dateModified\":\"2024-05-01T12:35:50+00:00\",\"breadcrumb\":{\"@id\":\"https:\\\/\\\/emiliebarcat.com\\\/blog\\\/?page_id=228#breadcrumb\"},\"inLanguage\":\"fr-FR\",\"potentialAction\":[{\"@type\":\"ReadAction\",\"target\":[\"https:\\\/\\\/emiliebarcat.com\\\/blog\\\/?page_id=228\"]}]},{\"@type\":\"ImageObject\",\"inLanguage\":\"fr-FR\",\"@id\":\"https:\\\/\\\/emiliebarcat.com\\\/blog\\\/?page_id=228#primaryimage\",\"url\":\"https:\\\/\\\/emiliebarcat.com\\\/blog\\\/wp-content\\\/uploads\\\/2024\\\/05\\\/image-le-bonheur.jpg\",\"contentUrl\":\"https:\\\/\\\/emiliebarcat.com\\\/blog\\\/wp-content\\\/uploads\\\/2024\\\/05\\\/image-le-bonheur.jpg\",\"width\":424,\"height\":550},{\"@type\":\"BreadcrumbList\",\"@id\":\"https:\\\/\\\/emiliebarcat.com\\\/blog\\\/?page_id=228#breadcrumb\",\"itemListElement\":[{\"@type\":\"ListItem\",\"position\":1,\"name\":\"Accueil\",\"item\":\"https:\\\/\\\/emiliebarcat.com\\\/blog\\\/\"},{\"@type\":\"ListItem\",\"position\":2,\"name\":\"Les tutos gratuits\"}]},{\"@type\":\"WebSite\",\"@id\":\"https:\\\/\\\/emiliebarcat.com\\\/blog\\\/#website\",\"url\":\"https:\\\/\\\/emiliebarcat.com\\\/blog\\\/\",\"name\":\"Emilie Barcat - Publications pour loisirs Cr\u00e9atifs\",\"description\":\"\",\"publisher\":{\"@id\":\"https:\\\/\\\/emiliebarcat.com\\\/blog\\\/#\\\/schema\\\/person\\\/dd2af1009799ce640e7e8c661b78693e\"},\"potentialAction\":[{\"@type\":\"SearchAction\",\"target\":{\"@type\":\"EntryPoint\",\"urlTemplate\":\"https:\\\/\\\/emiliebarcat.com\\\/blog\\\/?s={search_term_string}\"},\"query-input\":{\"@type\":\"PropertyValueSpecification\",\"valueRequired\":true,\"valueName\":\"search_term_string\"}}],\"inLanguage\":\"fr-FR\"},{\"@type\":[\"Person\",\"Organization\"],\"@id\":\"https:\\\/\\\/emiliebarcat.com\\\/blog\\\/#\\\/schema\\\/person\\\/dd2af1009799ce640e7e8c661b78693e\",\"name\":\"\u00c9milie Barcat\",\"image\":{\"@type\":\"ImageObject\",\"inLanguage\":\"fr-FR\",\"@id\":\"https:\\\/\\\/emiliebarcat.com\\\/blog\\\/wp-content\\\/uploads\\\/2022\\\/03\\\/logo-1.png\",\"url\":\"https:\\\/\\\/emiliebarcat.com\\\/blog\\\/wp-content\\\/uploads\\\/2022\\\/03\\\/logo-1.png\",\"contentUrl\":\"https:\\\/\\\/emiliebarcat.com\\\/blog\\\/wp-content\\\/uploads\\\/2022\\\/03\\\/logo-1.png\",\"width\":834,\"height\":599,\"caption\":\"\u00c9milie Barcat\"},\"logo\":{\"@id\":\"https:\\\/\\\/emiliebarcat.com\\\/blog\\\/wp-content\\\/uploads\\\/2022\\\/03\\\/logo-1.png\"},\"sameAs\":[\"http:\\\/\\\/emiliebarcat.com\\\/blog\"]}]}<\/script>\n<!-- \/ Yoast SEO plugin. -->","yoast_head_json":{"title":"Les tutos gratuits - Emilie Barcat - Publications pour loisirs Cr\u00e9atifs","robots":{"index":"index","follow":"follow","max-snippet":"max-snippet:-1","max-image-preview":"max-image-preview:large","max-video-preview":"max-video-preview:-1"},"canonical":"https:\/\/emiliebarcat.com\/blog\/?page_id=228","og_locale":"fr_FR","og_type":"article","og_title":"Les tutos gratuits - Emilie Barcat - Publications pour loisirs Cr\u00e9atifs","og_description":"1er MAI Nativit\u00e9 La maison des lutins de No\u00ebl J&rsquo;ai con\u00e7u cette maison \u00e0 partir d&rsquo;une simple bo\u00eete \u00e0 chaussures. Je lui ai voulu une apparence tr\u00e8s naturelle. Les parois int\u00e9rieures sont rev\u00eatues de papier imitation lambris ancien et le sol reproduit l&rsquo;aspect d&rsquo;un parquet. La maison est agr\u00e9ment\u00e9e d&rsquo;une jolie chemin\u00e9e de pierres dont &hellip; Continuer la lecture de &laquo;&nbsp;Les tutos gratuits&nbsp;&raquo;","og_url":"https:\/\/emiliebarcat.com\/blog\/?page_id=228","og_site_name":"Emilie Barcat - Publications pour loisirs Cr\u00e9atifs","article_modified_time":"2024-05-01T12:35:50+00:00","og_image":[{"url":"https:\/\/emiliebarcat.com\/blog\/wp-content\/uploads\/2024\/05\/image-le-bonheur.jpg","type":"","width":"","height":""}],"twitter_card":"summary_large_image","twitter_misc":{"Dur\u00e9e de lecture estim\u00e9e":"8 minutes"},"schema":{"@context":"https:\/\/schema.org","@graph":[{"@type":"WebPage","@id":"https:\/\/emiliebarcat.com\/blog\/?page_id=228","url":"https:\/\/emiliebarcat.com\/blog\/?page_id=228","name":"Les tutos gratuits - Emilie Barcat - Publications pour loisirs Cr\u00e9atifs","isPartOf":{"@id":"https:\/\/emiliebarcat.com\/blog\/#website"},"primaryImageOfPage":{"@id":"https:\/\/emiliebarcat.com\/blog\/?page_id=228#primaryimage"},"image":{"@id":"https:\/\/emiliebarcat.com\/blog\/?page_id=228#primaryimage"},"thumbnailUrl":"https:\/\/emiliebarcat.com\/blog\/wp-content\/uploads\/2024\/05\/image-le-bonheur.jpg","datePublished":"2022-08-29T11:50:45+00:00","dateModified":"2024-05-01T12:35:50+00:00","breadcrumb":{"@id":"https:\/\/emiliebarcat.com\/blog\/?page_id=228#breadcrumb"},"inLanguage":"fr-FR","potentialAction":[{"@type":"ReadAction","target":["https:\/\/emiliebarcat.com\/blog\/?page_id=228"]}]},{"@type":"ImageObject","inLanguage":"fr-FR","@id":"https:\/\/emiliebarcat.com\/blog\/?page_id=228#primaryimage","url":"https:\/\/emiliebarcat.com\/blog\/wp-content\/uploads\/2024\/05\/image-le-bonheur.jpg","contentUrl":"https:\/\/emiliebarcat.com\/blog\/wp-content\/uploads\/2024\/05\/image-le-bonheur.jpg","width":424,"height":550},{"@type":"BreadcrumbList","@id":"https:\/\/emiliebarcat.com\/blog\/?page_id=228#breadcrumb","itemListElement":[{"@type":"ListItem","position":1,"name":"Accueil","item":"https:\/\/emiliebarcat.com\/blog\/"},{"@type":"ListItem","position":2,"name":"Les tutos gratuits"}]},{"@type":"WebSite","@id":"https:\/\/emiliebarcat.com\/blog\/#website","url":"https:\/\/emiliebarcat.com\/blog\/","name":"Emilie Barcat - Publications pour loisirs Cr\u00e9atifs","description":"","publisher":{"@id":"https:\/\/emiliebarcat.com\/blog\/#\/schema\/person\/dd2af1009799ce640e7e8c661b78693e"},"potentialAction":[{"@type":"SearchAction","target":{"@type":"EntryPoint","urlTemplate":"https:\/\/emiliebarcat.com\/blog\/?s={search_term_string}"},"query-input":{"@type":"PropertyValueSpecification","valueRequired":true,"valueName":"search_term_string"}}],"inLanguage":"fr-FR"},{"@type":["Person","Organization"],"@id":"https:\/\/emiliebarcat.com\/blog\/#\/schema\/person\/dd2af1009799ce640e7e8c661b78693e","name":"\u00c9milie Barcat","image":{"@type":"ImageObject","inLanguage":"fr-FR","@id":"https:\/\/emiliebarcat.com\/blog\/wp-content\/uploads\/2022\/03\/logo-1.png","url":"https:\/\/emiliebarcat.com\/blog\/wp-content\/uploads\/2022\/03\/logo-1.png","contentUrl":"https:\/\/emiliebarcat.com\/blog\/wp-content\/uploads\/2022\/03\/logo-1.png","width":834,"height":599,"caption":"\u00c9milie Barcat"},"logo":{"@id":"https:\/\/emiliebarcat.com\/blog\/wp-content\/uploads\/2022\/03\/logo-1.png"},"sameAs":["http:\/\/emiliebarcat.com\/blog"]}]}},"_links":{"self":[{"href":"https:\/\/emiliebarcat.com\/blog\/index.php?rest_route=\/wp\/v2\/pages\/228","targetHints":{"allow":["GET"]}}],"collection":[{"href":"https:\/\/emiliebarcat.com\/blog\/index.php?rest_route=\/wp\/v2\/pages"}],"about":[{"href":"https:\/\/emiliebarcat.com\/blog\/index.php?rest_route=\/wp\/v2\/types\/page"}],"author":[{"embeddable":true,"href":"https:\/\/emiliebarcat.com\/blog\/index.php?rest_route=\/wp\/v2\/users\/2"}],"replies":[{"embeddable":true,"href":"https:\/\/emiliebarcat.com\/blog\/index.php?rest_route=%2Fwp%2Fv2%2Fcomments&post=228"}],"version-history":[{"count":48,"href":"https:\/\/emiliebarcat.com\/blog\/index.php?rest_route=\/wp\/v2\/pages\/228\/revisions"}],"predecessor-version":[{"id":608,"href":"https:\/\/emiliebarcat.com\/blog\/index.php?rest_route=\/wp\/v2\/pages\/228\/revisions\/608"}],"wp:attachment":[{"href":"https:\/\/emiliebarcat.com\/blog\/index.php?rest_route=%2Fwp%2Fv2%2Fmedia&parent=228"}],"curies":[{"name":"wp","href":"https:\/\/api.w.org\/{rel}","templated":true}]}}